{"id":2326,"date":"2026-03-05T15:00:01","date_gmt":"2026-03-05T15:00:01","guid":{"rendered":"https:\/\/new-2026.consul.ch\/unser-weingut\/"},"modified":"2026-06-18T21:56:34","modified_gmt":"2026-06-18T21:56:34","slug":"unser-weingut","status":"publish","type":"page","link":"https:\/\/consul.ch\/de\/unser-weingut\/","title":{"rendered":"\u00dcber uns"},"content":{"rendered":"\t\t<div data-elementor-type=\"wp-page\" data-elementor-id=\"2326\" class=\"elementor elementor-2326 elementor-35\" data-elementor-post-type=\"page\">\n\t\t\t\t<header class=\"elementor-element elementor-element-d21a03e e-con-full e-flex e-con e-parent\" data-id=\"d21a03e\" data-element_type=\"container\" data-e-type=\"container\">\n\t\t<div class=\"elementor-element elementor-element-7a79ba3 e-con-full e-flex e-con e-child\" data-id=\"7a79ba3\" data-element_type=\"container\" data-e-type=\"container\">\n\t\t\t\t<div class=\"elementor-element elementor-element-35dfaca elementor-widget elementor-widget-image\" data-id=\"35dfaca\" data-element_type=\"widget\" data-e-type=\"widget\" data-widget_type=\"image.default\">\n\t\t\t\t\t\t\t\t\t\t\t\t\t\t\t<img fetchpriority=\"high\" decoding=\"async\" width=\"1024\" height=\"683\" src=\"https:\/\/consul.ch\/wp-content\/uploads\/2026\/03\/meilleur-vin-medailles-vaud-1024x683.jpg\" class=\"attachment-large size-large wp-image-2322\" alt=\"\" srcset=\"https:\/\/consul.ch\/wp-content\/uploads\/2026\/03\/meilleur-vin-medailles-vaud-1024x683.jpg 1024w, https:\/\/consul.ch\/wp-content\/uploads\/2026\/03\/meilleur-vin-medailles-vaud-300x200.jpg 300w, https:\/\/consul.ch\/wp-content\/uploads\/2026\/03\/meilleur-vin-medailles-vaud-768x512.jpg 768w, https:\/\/consul.ch\/wp-content\/uploads\/2026\/03\/meilleur-vin-medailles-vaud-1536x1024.jpg 1536w, https:\/\/consul.ch\/wp-content\/uploads\/2026\/03\/meilleur-vin-medailles-vaud-600x400.jpg 600w, https:\/\/consul.ch\/wp-content\/uploads\/2026\/03\/meilleur-vin-medailles-vaud.jpg 1770w\" sizes=\"(max-width: 1024px) 100vw, 1024px\" \/>\t\t\t\t\t\t\t\t\t\t\t\t\t\t\t<\/div>\n\t\t<div class=\"elementor-element elementor-element-de2154b e-con-full e-flex e-con e-child\" data-id=\"de2154b\" data-element_type=\"container\" data-e-type=\"container\" data-settings=\"{&quot;position&quot;:&quot;absolute&quot;}\">\n\t\t<div class=\"elementor-element elementor-element-d99bfff e-con-full e-flex e-con e-child\" data-id=\"d99bfff\" data-element_type=\"container\" data-e-type=\"container\">\n\t\t\t\t<div class=\"elementor-element elementor-element-fa4a43e elementor-widget-divider--view-line elementor-widget elementor-widget-divider\" data-id=\"fa4a43e\" data-element_type=\"widget\" data-e-type=\"widget\" data-widget_type=\"divider.default\">\n\t\t\t\t\t\t\t<div class=\"elementor-divider\">\n\t\t\t<span class=\"elementor-divider-separator\">\n\t\t\t\t\t\t<\/span>\n\t\t<\/div>\n\t\t\t\t\t\t<\/div>\n\t\t\t\t<div class=\"elementor-element elementor-element-22ce5af elementor-widget elementor-widget-text-editor\" data-id=\"22ce5af\" data-element_type=\"widget\" data-e-type=\"widget\" data-widget_type=\"text-editor.default\">\n\t\t\t\t\t\t\t\t\t<p>Unsere Geschichte<\/p>\t\t\t\t\t\t\t\t<\/div>\n\t\t\t\t<div class=\"elementor-element elementor-element-230e5c6 elementor-widget-divider--view-line elementor-widget elementor-widget-divider\" data-id=\"230e5c6\" data-element_type=\"widget\" data-e-type=\"widget\" data-widget_type=\"divider.default\">\n\t\t\t\t\t\t\t<div class=\"elementor-divider\">\n\t\t\t<span class=\"elementor-divider-separator\">\n\t\t\t\t\t\t<\/span>\n\t\t<\/div>\n\t\t\t\t\t\t<\/div>\n\t\t\t\t<\/div>\n\t\t\t\t<div class=\"elementor-element elementor-element-e918674 elementor-widget elementor-widget-heading\" data-id=\"e918674\" data-element_type=\"widget\" data-e-type=\"widget\" data-widget_type=\"heading.default\">\n\t\t\t\t\t<p class=\"elementor-heading-title elementor-size-default\">\u00dcber uns<\/p>\t\t\t\t<\/div>\n\t\t\t\t<\/div>\n\t\t\t\t<\/div>\n\t\t\t\t<\/header>\n\t\t<section class=\"elementor-element elementor-element-81671f1 e-flex e-con-boxed e-con e-parent\" data-id=\"81671f1\" data-element_type=\"container\" data-e-type=\"container\">\n\t\t\t\t\t<div class=\"e-con-inner\">\n\t\t<div class=\"elementor-element elementor-element-7e05f4c e-con-full e-flex e-con e-child\" data-id=\"7e05f4c\" data-element_type=\"container\" data-e-type=\"container\">\n\t\t<div class=\"elementor-element elementor-element-319f6a9 e-con-full e-flex e-con e-child\" data-id=\"319f6a9\" data-element_type=\"container\" data-e-type=\"container\">\n\t\t\t\t<div class=\"elementor-element elementor-element-e9bc7a7 elementor-widget elementor-widget-heading\" data-id=\"e9bc7a7\" data-element_type=\"widget\" data-e-type=\"widget\" data-widget_type=\"heading.default\">\n\t\t\t\t\t<h1 class=\"elementor-heading-title elementor-size-default\">Vier Generationen leidenschaftlicher Winzer in Perroy, in der Waadtl\u00e4nder C\u00f4te<\/h1>\t\t\t\t<\/div>\n\t\t\t\t<div class=\"elementor-element elementor-element-c38508e elementor-widget elementor-widget-text-editor\" data-id=\"c38508e\" data-element_type=\"widget\" data-e-type=\"widget\" data-widget_type=\"text-editor.default\">\n\t\t\t\t\t\t\t\t\t<p>Seit mehr als einem Jahrhundert kultiviert die Familie Martin Reben in Perroy, im Herzen der Waadtl\u00e4nder La C\u00f4te, zwischen dem Genfersee und dem Jura. Dieses Familienweingut, heute bekannt unter dem Namen Cave du Consul, ist Teil einer Weinbaugeschichte, die von Generation zu Generation weitergegeben wurde, mit derselben Verbundenheit zum Land, zur sorgf\u00e4ltig ausgef\u00fchrten Arbeit und zur Identit\u00e4t des Ortes. <\/p>\t\t\t\t\t\t\t\t<\/div>\n\t\t\t\t<div class=\"elementor-element elementor-element-205385d elementor-widget elementor-widget-text-editor\" data-id=\"205385d\" data-element_type=\"widget\" data-e-type=\"widget\" data-widget_type=\"text-editor.default\">\n\t\t\t\t\t\t\t\t\t<p>Die Geschichte beginnt mit Ernest und Lucie Martin, die in Perroy ein sowohl weinbauliches als auch landwirtschaftliches Gut betrieben. Damals wurden die Reben von Hand nach traditionellen Methoden bearbeitet, bevor die Pflanzungen nach und nach modernisiert wurden, um die Entwicklung des Berufs zu begleiten. Nach Ernest \u00fcbernahmen Pierre und Robert das Gut, dann entwickelte Robert ab 1947 die Flaschenabf\u00fcllung. 1956 erhielt das Gut den Namen Cave du Consul.   <\/p>\t\t\t\t\t\t\t\t<\/div>\n\t\t\t\t<div class=\"elementor-element elementor-element-27e53d0 elementor-widget elementor-widget-text-editor\" data-id=\"27e53d0\" data-element_type=\"widget\" data-e-type=\"widget\" data-widget_type=\"text-editor.default\">\n\t\t\t\t\t\t\t\t\t<p>Die n\u00e4chste Generation markierte mit Michel Martin, ausgebildet in Weinbau und \u00d6nologie, eine neue Etappe: Er \u00fcbernahm das Gut 1970, modernisierte die Kulturen, vergr\u00f6sserte den Betrieb und baute 1977 einen Keller mit einer Abf\u00fcllanlage. 2005 \u00fcbergab er das Weingut an seine beiden S\u00f6hne Laurent und Nicolas Martin, beide ausgebildet an der \u00c9cole de Changins, der Schweizer Referenz f\u00fcr die Berufe rund um Rebe und Wein. <\/p>\t\t\t\t\t\t\t\t<\/div>\n\t\t\t\t<div class=\"elementor-element elementor-element-fdcb284 elementor-widget elementor-widget-text-editor\" data-id=\"fdcb284\" data-element_type=\"widget\" data-e-type=\"widget\" data-widget_type=\"text-editor.default\">\n\t\t\t\t\t\t\t\t\t<p>Heute f\u00fchren Laurent und Nicolas dieses Familienerbe mit einem Ansatz fort, der sowohl den Traditionen treu bleibt als auch auf die heutigen Qualit\u00e4tsanforderungen ausgerichtet ist. Der Bau eines neuen Kellers im Jahr 2010, der der Vinifikation und der Konfektionierung gewidmet ist, zeugt von diesem Willen, jede Etappe von der Rebe bis zur Flasche zu beherrschen. <\/p>\t\t\t\t\t\t\t\t<\/div>\n\t\t\t\t<div class=\"elementor-element elementor-element-d6c1505 elementor-widget elementor-widget-text-editor\" data-id=\"d6c1505\" data-element_type=\"widget\" data-e-type=\"widget\" data-widget_type=\"text-editor.default\">\n\t\t\t\t\t\t\t\t\t<p>In der Cave du Consul erz\u00e4hlt jeder Wein einen Teil dieser Geschichte: die eines Waadtl\u00e4nder Terroirs, eines \u00fcber vier Generationen weitergegebenen Know-hows und eines tief in Perroy verwurzelten Weinguts. Besucher k\u00f6nnen diese Welt auch vor Ort, an der Grand\u2019Rue 39, bei Verkostungen, Kellerbesichtigungen oder Gruppenempf\u00e4ngen entdecken, in einem einfachen, authentischen und geselligen Geist. <\/p>\t\t\t\t\t\t\t\t<\/div>\n\t\t\t\t<\/div>\n\t\t<div class=\"elementor-element elementor-element-3237bd8 e-con-full e-flex e-con e-child\" data-id=\"3237bd8\" data-element_type=\"container\" data-e-type=\"container\">\n\t\t\t\t<div class=\"elementor-element elementor-element-a73c6a4 elementor-widget elementor-widget-image\" data-id=\"a73c6a4\" data-element_type=\"widget\" data-e-type=\"widget\" data-widget_type=\"image.default\">\n\t\t\t\t\t\t\t\t\t\t\t\t\t\t\t<img decoding=\"async\" width=\"750\" height=\"576\" src=\"https:\/\/consul.ch\/wp-content\/uploads\/2026\/05\/1erplatine_Martin_2generations_V2-scaled-1.jpg\" class=\"attachment-large size-large wp-image-2323\" alt=\"Der Weinkeller des Konsuls Berollon, der Konsul aus Platinlorbeer\" srcset=\"https:\/\/consul.ch\/wp-content\/uploads\/2026\/05\/1erplatine_Martin_2generations_V2-scaled-1.jpg 750w, https:\/\/consul.ch\/wp-content\/uploads\/2026\/05\/1erplatine_Martin_2generations_V2-scaled-1-300x230.jpg 300w, https:\/\/consul.ch\/wp-content\/uploads\/2026\/05\/1erplatine_Martin_2generations_V2-scaled-1-600x461.jpg 600w\" sizes=\"(max-width: 750px) 100vw, 750px\" \/>\t\t\t\t\t\t\t\t\t\t\t\t\t\t\t<\/div>\n\t\t<div class=\"elementor-element elementor-element-17e8bd0 e-con-full e-flex e-con e-child\" data-id=\"17e8bd0\" data-element_type=\"container\" data-e-type=\"container\" data-settings=\"{&quot;background_background&quot;:&quot;classic&quot;,&quot;position&quot;:&quot;absolute&quot;}\">\n\t\t\t\t<div class=\"elementor-element elementor-element-1cab96b elementor-widget elementor-widget-text-editor\" data-id=\"1cab96b\" data-element_type=\"widget\" data-e-type=\"widget\" data-widget_type=\"text-editor.default\">\n\t\t\t\t\t\t\t\t\t<p>115+<\/p>\t\t\t\t\t\t\t\t<\/div>\n\t\t\t\t<div class=\"elementor-element elementor-element-b34b52b elementor-widget elementor-widget-text-editor\" data-id=\"b34b52b\" data-element_type=\"widget\" data-e-type=\"widget\" data-widget_type=\"text-editor.default\">\n\t\t\t\t\t\t\t\t\t<p>130+ Jahre Geschichte<\/p>\t\t\t\t\t\t\t\t<\/div>\n\t\t\t\t<\/div>\n\t\t\t\t<\/div>\n\t\t\t\t<\/div>\n\t\t\t\t\t<\/div>\n\t\t\t\t<\/section>\n\t\t<section class=\"elementor-element elementor-element-8152b8f e-flex e-con-boxed e-con e-parent\" data-id=\"8152b8f\" data-element_type=\"container\" data-e-type=\"container\" data-settings=\"{&quot;background_background&quot;:&quot;classic&quot;}\">\n\t\t\t\t\t<div class=\"e-con-inner\">\n\t\t<div class=\"elementor-element elementor-element-ed5f664 e-con-full e-flex e-con e-child\" data-id=\"ed5f664\" data-element_type=\"container\" data-e-type=\"container\">\n\t\t\t\t<div class=\"elementor-element elementor-element-4dde9a0 elementor-widget elementor-widget-heading\" data-id=\"4dde9a0\" data-element_type=\"widget\" data-e-type=\"widget\" data-widget_type=\"heading.default\">\n\t\t\t\t\t<h2 class=\"elementor-heading-title elementor-size-default\">Unsere Werte<\/h2>\t\t\t\t<\/div>\n\t\t\t\t<div class=\"elementor-element elementor-element-9d6efce elementor-widget elementor-widget-text-editor\" data-id=\"9d6efce\" data-element_type=\"widget\" data-e-type=\"widget\" data-widget_type=\"text-editor.default\">\n\t\t\t\t\t\t\t\t\t<p>Die S\u00e4ulen, die unsere t\u00e4gliche Arbeit leiten<\/p>\t\t\t\t\t\t\t\t<\/div>\n\t\t\t\t<\/div>\n\t\t<div class=\"elementor-element elementor-element-cffab46 e-con-full e-flex e-con e-child\" data-id=\"cffab46\" data-element_type=\"container\" data-e-type=\"container\">\n\t\t<div class=\"elementor-element elementor-element-6bba201 e-con-full box_translate e-flex e-con e-child\" data-id=\"6bba201\" data-element_type=\"container\" data-e-type=\"container\" data-settings=\"{&quot;background_background&quot;:&quot;classic&quot;}\">\n\t\t\t\t<div class=\"elementor-element elementor-element-cb7c189 elementor-widget elementor-widget-heading\" data-id=\"cb7c189\" data-element_type=\"widget\" data-e-type=\"widget\" data-widget_type=\"heading.default\">\n\t\t\t\t\t<h3 class=\"elementor-heading-title elementor-size-default\">Tradition<\/h3>\t\t\t\t<\/div>\n\t\t\t\t<div class=\"elementor-element elementor-element-3b4d000 elementor-widget elementor-widget-text-editor\" data-id=\"3b4d000\" data-element_type=\"widget\" data-e-type=\"widget\" data-widget_type=\"text-editor.default\">\n\t\t\t\t\t\t\t\t\t<p>Wir ehren das Erbe unserer Vorfahren, indem wir die traditionellen Weinbereitungsmethoden bewahren, die den Ruf unserer Weine begr\u00fcndet haben.<\/p>\t\t\t\t\t\t\t\t<\/div>\n\t\t\t\t<\/div>\n\t\t<div class=\"elementor-element elementor-element-0c34ddc e-con-full box_translate e-flex e-con e-child\" data-id=\"0c34ddc\" data-element_type=\"container\" data-e-type=\"container\" data-settings=\"{&quot;background_background&quot;:&quot;classic&quot;}\">\n\t\t\t\t<div class=\"elementor-element elementor-element-f810389 elementor-widget elementor-widget-heading\" data-id=\"f810389\" data-element_type=\"widget\" data-e-type=\"widget\" data-widget_type=\"heading.default\">\n\t\t\t\t\t<h3 class=\"elementor-heading-title elementor-size-default\">Exzellenz<\/h3>\t\t\t\t<\/div>\n\t\t\t\t<div class=\"elementor-element elementor-element-bba69e2 elementor-widget elementor-widget-text-editor\" data-id=\"bba69e2\" data-element_type=\"widget\" data-e-type=\"widget\" data-widget_type=\"text-editor.default\">\n\t\t\t\t\t\t\t\t\t<p>Jede Flasche, die unseren Keller verl\u00e4sst, ist das Ergebnis sorgf\u00e4ltiger Arbeit, von der Rebe bis zur Abf\u00fcllung.<\/p>\t\t\t\t\t\t\t\t<\/div>\n\t\t\t\t<\/div>\n\t\t<div class=\"elementor-element elementor-element-5c33a45 e-con-full box_translate e-flex e-con e-child\" data-id=\"5c33a45\" data-element_type=\"container\" data-e-type=\"container\" data-settings=\"{&quot;background_background&quot;:&quot;classic&quot;}\">\n\t\t\t\t<div class=\"elementor-element elementor-element-e4b5ac6 elementor-widget elementor-widget-heading\" data-id=\"e4b5ac6\" data-element_type=\"widget\" data-e-type=\"widget\" data-widget_type=\"heading.default\">\n\t\t\t\t\t<h3 class=\"elementor-heading-title elementor-size-default\">Nachhaltigkeit<\/h3>\t\t\t\t<\/div>\n\t\t\t\t<div class=\"elementor-element elementor-element-2191035 elementor-widget elementor-widget-text-editor\" data-id=\"2191035\" data-element_type=\"widget\" data-e-type=\"widget\" data-widget_type=\"text-editor.default\">\n\t\t\t\t\t\t\t\t\t<p>Wir bewirtschaften unsere Reben im Respekt vor der Natur und wenden nachhaltige Praktiken an, um unser Terroir zu bewahren.<\/p>\t\t\t\t\t\t\t\t<\/div>\n\t\t\t\t<\/div>\n\t\t\t\t<\/div>\n\t\t\t\t\t<\/div>\n\t\t\t\t<\/section>\n\t\t<section class=\"elementor-element elementor-element-4dc4da3 e-flex e-con-boxed e-con e-parent\" data-id=\"4dc4da3\" data-element_type=\"container\" data-e-type=\"container\">\n\t\t\t\t\t<div class=\"e-con-inner\">\n\t\t<div class=\"elementor-element elementor-element-eea5a05 e-con-full e-flex e-con e-child\" data-id=\"eea5a05\" data-element_type=\"container\" data-e-type=\"container\">\n\t\t<div class=\"elementor-element elementor-element-a89727c e-con-full e-flex e-con e-child\" data-id=\"a89727c\" data-element_type=\"container\" data-e-type=\"container\" data-settings=\"{&quot;background_background&quot;:&quot;classic&quot;}\">\n\t\t\t\t<div class=\"elementor-element elementor-element-44d9cb8 elementor-widget elementor-widget-heading\" data-id=\"44d9cb8\" data-element_type=\"widget\" data-e-type=\"widget\" data-widget_type=\"heading.default\">\n\t\t\t\t\t<h2 class=\"elementor-heading-title elementor-size-default\">Unser Terroir<\/h2>\t\t\t\t<\/div>\n\t\t\t\t<div class=\"elementor-element elementor-element-1479cfe elementor-widget elementor-widget-text-editor\" data-id=\"1479cfe\" data-element_type=\"widget\" data-e-type=\"widget\" data-widget_type=\"text-editor.default\">\n\t\t\t\t\t\t\t\t\t<p><strong style=\"color: #c0a07c; font-weight: 300;\">Perroy <\/strong>liegt im Herzen von La C\u00f4te, der gr\u00f6ssten Weinbauregion des Kantons Waadt.<\/p>\t\t\t\t\t\t\t\t<\/div>\n\t\t\t\t<div class=\"elementor-element elementor-element-7a493be elementor-widget elementor-widget-text-editor\" data-id=\"7a493be\" data-element_type=\"widget\" data-e-type=\"widget\" data-widget_type=\"text-editor.default\">\n\t\t\t\t\t\t\t\t\t<p>Unsere Reben erstrecken sich \u00fcber nach S\u00fcden ausgerichtete H\u00e4nge, die von optimaler Sonneneinstrahlung und einer aussergew\u00f6hnlichen Aussicht auf den Genfersee und die Alpen profitieren.<\/p>\t\t\t\t\t\t\t\t<\/div>\n\t\t\t\t<div class=\"elementor-element elementor-element-6339474 elementor-widget elementor-widget-text-editor\" data-id=\"6339474\" data-element_type=\"widget\" data-e-type=\"widget\" data-widget_type=\"text-editor.default\">\n\t\t\t\t\t\t\t\t\t<p>Der Boden, bestehend aus Gletschermor\u00e4nen und Molasse, verleiht unseren Weinen ihren einzigartigen Charakter und ihre charakteristische Mineralit\u00e4t.<\/p>\t\t\t\t\t\t\t\t<\/div>\n\t\t\t\t<div class=\"elementor-element elementor-element-225e246 elementor-widget-divider--view-line elementor-widget elementor-widget-divider\" data-id=\"225e246\" data-element_type=\"widget\" data-e-type=\"widget\" data-widget_type=\"divider.default\">\n\t\t\t\t\t\t\t<div class=\"elementor-divider\">\n\t\t\t<span class=\"elementor-divider-separator\">\n\t\t\t\t\t\t<\/span>\n\t\t<\/div>\n\t\t\t\t\t\t<\/div>\n\t\t<div class=\"elementor-element elementor-element-8ead265 e-con-full e-flex e-con e-child\" data-id=\"8ead265\" data-element_type=\"container\" data-e-type=\"container\">\n\t\t<div class=\"elementor-element elementor-element-7c176f0 e-con-full e-flex e-con e-child\" data-id=\"7c176f0\" data-element_type=\"container\" data-e-type=\"container\">\n\t\t\t\t<div class=\"elementor-element elementor-element-d9f4051 elementor-widget elementor-widget-text-editor\" data-id=\"d9f4051\" data-element_type=\"widget\" data-e-type=\"widget\" data-widget_type=\"text-editor.default\">\n\t\t\t\t\t\t\t\t\t<p>14<\/p>\t\t\t\t\t\t\t\t<\/div>\n\t\t\t\t<div class=\"elementor-element elementor-element-bd39c92 elementor-widget elementor-widget-text-editor\" data-id=\"bd39c92\" data-element_type=\"widget\" data-e-type=\"widget\" data-widget_type=\"text-editor.default\">\n\t\t\t\t\t\t\t\t\t<p>14 Hektar<\/p>\t\t\t\t\t\t\t\t<\/div>\n\t\t\t\t<\/div>\n\t\t<div class=\"elementor-element elementor-element-9f8722e e-con-full e-flex e-con e-child\" data-id=\"9f8722e\" data-element_type=\"container\" data-e-type=\"container\">\n\t\t\t\t<div class=\"elementor-element elementor-element-f256183 elementor-widget elementor-widget-text-editor\" data-id=\"f256183\" data-element_type=\"widget\" data-e-type=\"widget\" data-widget_type=\"text-editor.default\">\n\t\t\t\t\t\t\t\t\t<p>13<\/p>\t\t\t\t\t\t\t\t<\/div>\n\t\t\t\t<div class=\"elementor-element elementor-element-4b74b1c elementor-widget elementor-widget-text-editor\" data-id=\"4b74b1c\" data-element_type=\"widget\" data-e-type=\"widget\" data-widget_type=\"text-editor.default\">\n\t\t\t\t\t\t\t\t\t<p>13 Rebsorten<\/p>\t\t\t\t\t\t\t\t<\/div>\n\t\t\t\t<\/div>\n\t\t<div class=\"elementor-element elementor-element-3878457 e-con-full e-flex e-con e-child\" data-id=\"3878457\" data-element_type=\"container\" data-e-type=\"container\">\n\t\t\t\t<div class=\"elementor-element elementor-element-6e6a828 elementor-widget elementor-widget-text-editor\" data-id=\"6e6a828\" data-element_type=\"widget\" data-e-type=\"widget\" data-widget_type=\"text-editor.default\">\n\t\t\t\t\t\t\t\t\t<p>21 Weine<\/p>\t\t\t\t\t\t\t\t<\/div>\n\t\t\t\t<div class=\"elementor-element elementor-element-edbb3b5 elementor-widget elementor-widget-text-editor\" data-id=\"edbb3b5\" data-element_type=\"widget\" data-e-type=\"widget\" data-widget_type=\"text-editor.default\">\n\t\t\t\t\t\t\t\t\t<p>21<\/p>\t\t\t\t\t\t\t\t<\/div>\n\t\t\t\t<\/div>\n\t\t\t\t<\/div>\n\t\t\t\t<\/div>\n\t\t<div class=\"elementor-element elementor-element-b15969c e-con-full e-flex e-con e-child\" data-id=\"b15969c\" data-element_type=\"container\" data-e-type=\"container\">\n\t\t\t\t<div class=\"elementor-element elementor-element-5dee0e0 elementor-widget elementor-widget-heading\" data-id=\"5dee0e0\" data-element_type=\"widget\" data-e-type=\"widget\" data-widget_type=\"heading.default\">\n\t\t\t\t\t<h2 class=\"elementor-heading-title elementor-size-default\">Ein aussergew\u00f6hnliches Terroir<\/h2>\t\t\t\t<\/div>\n\t\t\t\t<div class=\"elementor-element elementor-element-0e1072c elementor-widget elementor-widget-text-editor\" data-id=\"0e1072c\" data-element_type=\"widget\" data-e-type=\"widget\" data-widget_type=\"text-editor.default\">\n\t\t\t\t\t\t\t\t\t<p>Die Waadtl\u00e4nder La C\u00f4te geniesst ein ideales Mikroklima f\u00fcr den Weinbau. Der Genfersee reguliert die Temperaturen, w\u00e4hrend die Alpen vor den kalten Nordwinden sch\u00fctzen. Diese einzigartige Kombination erm\u00f6glicht es unseren Trauben, langsam zu reifen und komplexe Aromen sowie eine ausgewogene S\u00e4ure zu entwickeln, die die Signatur unserer Waadtl\u00e4nder Weissweine und Rotweine bilden.  <\/p>\t\t\t\t\t\t\t\t<\/div>\n\t\t\t\t<\/div>\n\t\t\t\t<\/div>\n\t\t\t\t\t<\/div>\n\t\t\t\t<\/section>\n\t\t<section class=\"elementor-element elementor-element-e5ae26f e-flex e-con-boxed e-con e-parent\" data-id=\"e5ae26f\" data-element_type=\"container\" data-e-type=\"container\" data-settings=\"{&quot;background_background&quot;:&quot;classic&quot;}\">\n\t\t\t\t\t<div class=\"e-con-inner\">\n\t\t<div class=\"elementor-element elementor-element-fbfb1af e-con-full e-flex e-con e-child\" data-id=\"fbfb1af\" data-element_type=\"container\" data-e-type=\"container\">\n\t\t\t\t<div class=\"elementor-element elementor-element-630d695 elementor-widget elementor-widget-heading\" data-id=\"630d695\" data-element_type=\"widget\" data-e-type=\"widget\" data-widget_type=\"heading.default\">\n\t\t\t\t\t<h2 class=\"elementor-heading-title elementor-size-default\">Die Br\u00fcder Martin<\/h2>\t\t\t\t<\/div>\n\t\t\t\t<div class=\"elementor-element elementor-element-3af802a elementor-widget elementor-widget-text-editor\" data-id=\"3af802a\" data-element_type=\"widget\" data-e-type=\"widget\" data-widget_type=\"text-editor.default\">\n\t\t\t\t\t\t\t\t\t<p>Die 4. Generation im Dienst des Weins<\/p>\t\t\t\t\t\t\t\t<\/div>\n\t\t\t\t<\/div>\n\t\t<div class=\"elementor-element elementor-element-3cafb37 e-con-full scroll-animate-scale e-flex e-con e-child\" data-id=\"3cafb37\" data-element_type=\"container\" data-e-type=\"container\">\n\t\t\t\t<div class=\"elementor-element elementor-element-a1c884b elementor-widget elementor-widget-image\" data-id=\"a1c884b\" data-element_type=\"widget\" data-e-type=\"widget\" data-widget_type=\"image.default\">\n\t\t\t\t\t\t\t\t\t\t\t\t\t\t\t<img decoding=\"async\" width=\"1024\" height=\"768\" src=\"https:\/\/consul.ch\/wp-content\/uploads\/2026\/03\/vins-vaudois-blanc-chasselas-1024x768.jpg\" class=\"attachment-large size-large wp-image-2324\" alt=\"\" srcset=\"https:\/\/consul.ch\/wp-content\/uploads\/2026\/03\/vins-vaudois-blanc-chasselas-1024x768.jpg 1024w, https:\/\/consul.ch\/wp-content\/uploads\/2026\/03\/vins-vaudois-blanc-chasselas-300x225.jpg 300w, https:\/\/consul.ch\/wp-content\/uploads\/2026\/03\/vins-vaudois-blanc-chasselas-768x576.jpg 768w, https:\/\/consul.ch\/wp-content\/uploads\/2026\/03\/vins-vaudois-blanc-chasselas-600x450.jpg 600w, https:\/\/consul.ch\/wp-content\/uploads\/2026\/03\/vins-vaudois-blanc-chasselas.jpg 1200w\" sizes=\"(max-width: 1024px) 100vw, 1024px\" \/>\t\t\t\t\t\t\t\t\t\t\t\t\t\t\t<\/div>\n\t\t<div class=\"elementor-element elementor-element-7457fd2 e-con-full e-flex e-con e-child\" data-id=\"7457fd2\" data-element_type=\"container\" data-e-type=\"container\" data-settings=\"{&quot;position&quot;:&quot;absolute&quot;}\">\n\t\t\t\t<div class=\"elementor-element elementor-element-f1a349a elementor-widget elementor-widget-text-editor\" data-id=\"f1a349a\" data-element_type=\"widget\" data-e-type=\"widget\" data-widget_type=\"text-editor.default\">\n\t\t\t\t\t\t\t\t\t<p>Winzer seit 4 Generationen<\/p>\t\t\t\t\t\t\t\t<\/div>\n\t\t\t\t<\/div>\n\t\t\t\t<\/div>\n\t\t\t\t\t<\/div>\n\t\t\t\t<\/section>\n\t\t<section class=\"elementor-element elementor-element-34fb26d e-flex e-con-boxed e-con e-parent\" data-id=\"34fb26d\" data-element_type=\"container\" data-e-type=\"container\" data-settings=\"{&quot;background_background&quot;:&quot;classic&quot;}\">\n\t\t\t\t\t<div class=\"e-con-inner\">\n\t\t<div class=\"elementor-element elementor-element-9b7ef28 e-con-full e-flex e-con e-child\" data-id=\"9b7ef28\" data-element_type=\"container\" data-e-type=\"container\" data-settings=\"{&quot;background_background&quot;:&quot;classic&quot;}\">\n\t\t<div class=\"elementor-element elementor-element-77ea705 e-con-full elementor-hidden-tablet_extra elementor-hidden-tablet elementor-hidden-mobile_extra elementor-hidden-mobile e-flex e-con e-child\" data-id=\"77ea705\" data-element_type=\"container\" data-e-type=\"container\">\n\t\t\t\t<div class=\"elementor-element elementor-element-9c2da48 elementor-widget elementor-widget-image\" data-id=\"9c2da48\" data-element_type=\"widget\" data-e-type=\"widget\" data-widget_type=\"image.default\">\n\t\t\t\t\t\t\t\t\t\t\t\t\t\t\t<img loading=\"lazy\" decoding=\"async\" width=\"472\" height=\"472\" src=\"https:\/\/consul.ch\/wp-content\/uploads\/2026\/06\/famille-1.jpg\" class=\"attachment-large size-large wp-image-2325\" alt=\"Geschichte des Consu-Kellers in Perroy\" srcset=\"https:\/\/consul.ch\/wp-content\/uploads\/2026\/06\/famille-1.jpg 472w, https:\/\/consul.ch\/wp-content\/uploads\/2026\/06\/famille-1-300x300.jpg 300w, https:\/\/consul.ch\/wp-content\/uploads\/2026\/06\/famille-1-150x150.jpg 150w, https:\/\/consul.ch\/wp-content\/uploads\/2026\/06\/famille-1-100x100.jpg 100w\" sizes=\"(max-width: 472px) 100vw, 472px\" \/>\t\t\t\t\t\t\t\t\t\t\t\t\t\t\t<\/div>\n\t\t<div class=\"elementor-element elementor-element-b88a48e e-con-full e-flex e-con e-child\" data-id=\"b88a48e\" data-element_type=\"container\" data-e-type=\"container\" data-settings=\"{&quot;background_background&quot;:&quot;classic&quot;,&quot;position&quot;:&quot;absolute&quot;}\">\n\t\t\t\t<div class=\"elementor-element elementor-element-d084207 elementor-widget elementor-widget-heading\" data-id=\"d084207\" data-element_type=\"widget\" data-e-type=\"widget\" data-widget_type=\"heading.default\">\n\t\t\t\t\t<h2 class=\"elementor-heading-title elementor-size-default\">Eine Frage?<\/h2>\t\t\t\t<\/div>\n\t\t\t\t<div class=\"elementor-element elementor-element-4b8cefd elementor-widget elementor-widget-text-editor\" data-id=\"4b8cefd\" data-element_type=\"widget\" data-e-type=\"widget\" data-widget_type=\"text-editor.default\">\n\t\t\t\t\t\t\t\t\t<p>Kontaktieren Sie uns, um mehr \u00fcber unsere Weine und unser Weingut zu erfahren.<\/p>\t\t\t\t\t\t\t\t<\/div>\n\t\t\t\t<\/div>\n\t\t\t\t<\/div>\n\t\t<div class=\"elementor-element elementor-element-c95c70a e-con-full e-flex e-con e-child\" data-id=\"c95c70a\" data-element_type=\"container\" data-e-type=\"container\">\n\t\t\t\t<div class=\"elementor-element elementor-element-2d38f3d elementor-widget elementor-widget-heading\" data-id=\"2d38f3d\" data-element_type=\"widget\" data-e-type=\"widget\" data-widget_type=\"heading.default\">\n\t\t\t\t\t<h2 class=\"elementor-heading-title elementor-size-default\">H\u00e4ufig gestellte Fragen<\/h2>\t\t\t\t<\/div>\n\t\t\t\t<div class=\"elementor-element elementor-element-dd912b0 elementor-widget elementor-widget-text-editor\" data-id=\"dd912b0\" data-element_type=\"widget\" data-e-type=\"widget\" data-widget_type=\"text-editor.default\">\n\t\t\t\t\t\t\t\t\t<p>Erfahren Sie mehr \u00fcber unser Fachgebiet.<\/p>\t\t\t\t\t\t\t\t<\/div>\n\t\t\t\t<div class=\"elementor-element elementor-element-b6c6abf elementor-widget elementor-widget-n-accordion\" data-id=\"b6c6abf\" data-element_type=\"widget\" data-e-type=\"widget\" data-settings=\"{&quot;default_state&quot;:&quot;all_collapsed&quot;,&quot;max_items_expended&quot;:&quot;one&quot;,&quot;n_accordion_animation_duration&quot;:{&quot;unit&quot;:&quot;ms&quot;,&quot;size&quot;:400,&quot;sizes&quot;:[]}}\" data-widget_type=\"nested-accordion.default\">\n\t\t\t\t\t\t\t<div class=\"e-n-accordion\" aria-label=\"Accordion. Open links with Enter or Space, close with Escape, and navigate with Arrow Keys\">\n\t\t\t\t\t\t<details id=\"e-n-accordion-item-1910\" class=\"e-n-accordion-item\" >\n\t\t\t\t<summary class=\"e-n-accordion-item-title\" data-accordion-index=\"1\" tabindex=\"0\" aria-expanded=\"false\" aria-controls=\"e-n-accordion-item-1910\" >\n\t\t\t\t\t<span class='e-n-accordion-item-title-header'><h3 class=\"e-n-accordion-item-title-text\"> Warum heissen Sie Le Consul? <\/h3><\/span>\n\t\t\t\t\t\t\t<span class='e-n-accordion-item-title-icon'>\n\t\t\t<span class='e-opened' ><svg xmlns=\"http:\/\/www.w3.org\/2000\/svg\" width=\"24\" height=\"24\" viewBox=\"0 0 24 24\" fill=\"none\" stroke=\"currentColor\" stroke-width=\"2\" stroke-linecap=\"round\" stroke-linejoin=\"round\" class=\"lucide lucide-chevron-up\"><path d=\"m18 15-6-6-6 6\"><\/path><\/svg><\/span>\n\t\t\t<span class='e-closed'><svg xmlns=\"http:\/\/www.w3.org\/2000\/svg\" width=\"24\" height=\"24\" viewBox=\"0 0 24 24\" fill=\"none\" stroke=\"currentColor\" stroke-width=\"2\" stroke-linecap=\"round\" stroke-linejoin=\"round\"><path d=\"m6 9 6 6 6-6\"><\/path><\/svg><\/span>\n\t\t<\/span>\n\n\t\t\t\t\t\t<\/summary>\n\t\t\t\t<div role=\"region\" aria-labelledby=\"e-n-accordion-item-1910\" class=\"elementor-element elementor-element-a8ad03d e-con-full e-flex e-con e-child\" data-id=\"a8ad03d\" data-element_type=\"container\" data-e-type=\"container\">\n\t\t\t\t<div class=\"elementor-element elementor-element-27d7563 elementor-widget elementor-widget-text-editor\" data-id=\"27d7563\" data-element_type=\"widget\" data-e-type=\"widget\" data-widget_type=\"text-editor.default\">\n\t\t\t\t\t\t\t\t\tUnser Urgrossvater entdeckte eine r\u00f6mische M\u00fcnze in einer unserer Parzellen, die entlang der alten R\u00f6merstrasse zwischen Nyon und Avenches liegt. Inspiriert von dieser Entdeckung nannte unser Grossvater seinen ersten Wein \u201eB\u00e9rollon, le Relais du Consul\u201c und gab damit dem Weingut seinen Namen: Le Consul. \t\t\t\t\t\t\t\t<\/div>\n\t\t\t\t<\/div>\n\t\t\t\t\t<\/details>\n\t\t\t\t\t\t<details id=\"e-n-accordion-item-1911\" class=\"e-n-accordion-item\" >\n\t\t\t\t<summary class=\"e-n-accordion-item-title\" data-accordion-index=\"2\" tabindex=\"-1\" aria-expanded=\"false\" aria-controls=\"e-n-accordion-item-1911\" >\n\t\t\t\t\t<span class='e-n-accordion-item-title-header'><h3 class=\"e-n-accordion-item-title-text\"> Seit wann produziert das Weingut Waadtl\u00e4nder Weine in Perroy? <\/h3><\/span>\n\t\t\t\t\t\t\t<span class='e-n-accordion-item-title-icon'>\n\t\t\t<span class='e-opened' ><svg xmlns=\"http:\/\/www.w3.org\/2000\/svg\" width=\"24\" height=\"24\" viewBox=\"0 0 24 24\" fill=\"none\" stroke=\"currentColor\" stroke-width=\"2\" stroke-linecap=\"round\" stroke-linejoin=\"round\" class=\"lucide lucide-chevron-up\"><path d=\"m18 15-6-6-6 6\"><\/path><\/svg><\/span>\n\t\t\t<span class='e-closed'><svg xmlns=\"http:\/\/www.w3.org\/2000\/svg\" width=\"24\" height=\"24\" viewBox=\"0 0 24 24\" fill=\"none\" stroke=\"currentColor\" stroke-width=\"2\" stroke-linecap=\"round\" stroke-linejoin=\"round\"><path d=\"m6 9 6 6 6-6\"><\/path><\/svg><\/span>\n\t\t<\/span>\n\n\t\t\t\t\t\t<\/summary>\n\t\t\t\t<div role=\"region\" aria-labelledby=\"e-n-accordion-item-1911\" class=\"elementor-element elementor-element-6d6d88d e-con-full e-flex e-con e-child\" data-id=\"6d6d88d\" data-element_type=\"container\" data-e-type=\"container\">\n\t\t\t\t<div class=\"elementor-element elementor-element-a87a5fe elementor-widget elementor-widget-text-editor\" data-id=\"a87a5fe\" data-element_type=\"widget\" data-e-type=\"widget\" data-widget_type=\"text-editor.default\">\n\t\t\t\t\t\t\t\t\t<p>Das Familienweingut besteht seit fast 120 Jahren. Im Jahr 1910 pflanzte unser Urgrossvater seine ersten Chasselas-Reben in Perroy. Heute sind wir die 4. Generation, die pr\u00e4mierte Waadtl\u00e4nder Weine produziert.  <\/p>\t\t\t\t\t\t\t\t<\/div>\n\t\t\t\t<\/div>\n\t\t\t\t\t<\/details>\n\t\t\t\t\t\t<details id=\"e-n-accordion-item-1912\" class=\"e-n-accordion-item\" >\n\t\t\t\t<summary class=\"e-n-accordion-item-title\" data-accordion-index=\"3\" tabindex=\"-1\" aria-expanded=\"false\" aria-controls=\"e-n-accordion-item-1912\" >\n\t\t\t\t\t<span class='e-n-accordion-item-title-header'><h3 class=\"e-n-accordion-item-title-text\"> Wie gross ist das Weingut und wie viele Rebsorten bauen Sie an? <\/h3><\/span>\n\t\t\t\t\t\t\t<span class='e-n-accordion-item-title-icon'>\n\t\t\t<span class='e-opened' ><svg xmlns=\"http:\/\/www.w3.org\/2000\/svg\" width=\"24\" height=\"24\" viewBox=\"0 0 24 24\" fill=\"none\" stroke=\"currentColor\" stroke-width=\"2\" stroke-linecap=\"round\" stroke-linejoin=\"round\" class=\"lucide lucide-chevron-up\"><path d=\"m18 15-6-6-6 6\"><\/path><\/svg><\/span>\n\t\t\t<span class='e-closed'><svg xmlns=\"http:\/\/www.w3.org\/2000\/svg\" width=\"24\" height=\"24\" viewBox=\"0 0 24 24\" fill=\"none\" stroke=\"currentColor\" stroke-width=\"2\" stroke-linecap=\"round\" stroke-linejoin=\"round\"><path d=\"m6 9 6 6 6-6\"><\/path><\/svg><\/span>\n\t\t<\/span>\n\n\t\t\t\t\t\t<\/summary>\n\t\t\t\t<div role=\"region\" aria-labelledby=\"e-n-accordion-item-1912\" class=\"elementor-element elementor-element-74ed156 e-con-full e-flex e-con e-child\" data-id=\"74ed156\" data-element_type=\"container\" data-e-type=\"container\">\n\t\t\t\t<div class=\"elementor-element elementor-element-3e965f1 elementor-widget elementor-widget-text-editor\" data-id=\"3e965f1\" data-element_type=\"widget\" data-e-type=\"widget\" data-widget_type=\"text-editor.default\">\n\t\t\t\t\t\t\t\t\tUnser Weingut umfasst 14 Hektar Reben in Perroy. Wir bauen 13 Rebsorten an, darunter Chasselas, Chasselas, Sauvignon Blanc, Pinot Gris, Viognier, Chardonnay, Pinot Noir, Gamaret Garanoir, Gamay, Galotta, Cabernet Franc, Cabernet Sauvignon und Merlot, um 21 Waadtl\u00e4nder Weine zu produzieren. \t\t\t\t\t\t\t\t<\/div>\n\t\t\t\t<\/div>\n\t\t\t\t\t<\/details>\n\t\t\t\t\t\t<details id=\"e-n-accordion-item-1913\" class=\"e-n-accordion-item\" >\n\t\t\t\t<summary class=\"e-n-accordion-item-title\" data-accordion-index=\"4\" tabindex=\"-1\" aria-expanded=\"false\" aria-controls=\"e-n-accordion-item-1913\" >\n\t\t\t\t\t<span class='e-n-accordion-item-title-header'><h3 class=\"e-n-accordion-item-title-text\"> Welches sind Ihre wichtigsten Rebsorten f\u00fcr Waadtl\u00e4nder Weissweine? <\/h3><\/span>\n\t\t\t\t\t\t\t<span class='e-n-accordion-item-title-icon'>\n\t\t\t<span class='e-opened' ><svg xmlns=\"http:\/\/www.w3.org\/2000\/svg\" width=\"24\" height=\"24\" viewBox=\"0 0 24 24\" fill=\"none\" stroke=\"currentColor\" stroke-width=\"2\" stroke-linecap=\"round\" stroke-linejoin=\"round\" class=\"lucide lucide-chevron-up\"><path d=\"m18 15-6-6-6 6\"><\/path><\/svg><\/span>\n\t\t\t<span class='e-closed'><svg xmlns=\"http:\/\/www.w3.org\/2000\/svg\" width=\"24\" height=\"24\" viewBox=\"0 0 24 24\" fill=\"none\" stroke=\"currentColor\" stroke-width=\"2\" stroke-linecap=\"round\" stroke-linejoin=\"round\"><path d=\"m6 9 6 6 6-6\"><\/path><\/svg><\/span>\n\t\t<\/span>\n\n\t\t\t\t\t\t<\/summary>\n\t\t\t\t<div role=\"region\" aria-labelledby=\"e-n-accordion-item-1913\" class=\"elementor-element elementor-element-edc155a e-con-full e-flex e-con e-child\" data-id=\"edc155a\" data-element_type=\"container\" data-e-type=\"container\">\n\t\t\t\t<div class=\"elementor-element elementor-element-3b46851 elementor-widget elementor-widget-text-editor\" data-id=\"3b46851\" data-element_type=\"widget\" data-e-type=\"widget\" data-widget_type=\"text-editor.default\">\n\t\t\t\t\t\t\t\t\tUnsere emblematische Rebsorte ist Chasselas, typisch f\u00fcr die Waadtl\u00e4nder La C\u00f4te. Wir bauen auch Chasselas, Chasselas, Sauvignon Blanc, Pinot Gris, Viognier und Chardonnay an. Diese Rebsorten ergeben frische und mineralische Waadtl\u00e4nder Weissweine, die regelm\u00e4ssig mit Medaillen ausgezeichnet werden.  \t\t\t\t\t\t\t\t<\/div>\n\t\t\t\t<\/div>\n\t\t\t\t\t<\/details>\n\t\t\t\t\t\t<details id=\"e-n-accordion-item-1914\" class=\"e-n-accordion-item\" >\n\t\t\t\t<summary class=\"e-n-accordion-item-title\" data-accordion-index=\"5\" tabindex=\"-1\" aria-expanded=\"false\" aria-controls=\"e-n-accordion-item-1914\" >\n\t\t\t\t\t<span class='e-n-accordion-item-title-header'><h3 class=\"e-n-accordion-item-title-text\"> Welche Rebsorten verwenden Sie f\u00fcr Ihre Waadtl\u00e4nder Rotweine? <\/h3><\/span>\n\t\t\t\t\t\t\t<span class='e-n-accordion-item-title-icon'>\n\t\t\t<span class='e-opened' ><svg xmlns=\"http:\/\/www.w3.org\/2000\/svg\" width=\"24\" height=\"24\" viewBox=\"0 0 24 24\" fill=\"none\" stroke=\"currentColor\" stroke-width=\"2\" stroke-linecap=\"round\" stroke-linejoin=\"round\" class=\"lucide lucide-chevron-up\"><path d=\"m18 15-6-6-6 6\"><\/path><\/svg><\/span>\n\t\t\t<span class='e-closed'><svg xmlns=\"http:\/\/www.w3.org\/2000\/svg\" width=\"24\" height=\"24\" viewBox=\"0 0 24 24\" fill=\"none\" stroke=\"currentColor\" stroke-width=\"2\" stroke-linecap=\"round\" stroke-linejoin=\"round\"><path d=\"m6 9 6 6 6-6\"><\/path><\/svg><\/span>\n\t\t<\/span>\n\n\t\t\t\t\t\t<\/summary>\n\t\t\t\t<div role=\"region\" aria-labelledby=\"e-n-accordion-item-1914\" class=\"elementor-element elementor-element-6a0be3b e-con-full e-flex e-con e-child\" data-id=\"6a0be3b\" data-element_type=\"container\" data-e-type=\"container\">\n\t\t\t\t<div class=\"elementor-element elementor-element-19270a7 elementor-widget elementor-widget-text-editor\" data-id=\"19270a7\" data-element_type=\"widget\" data-e-type=\"widget\" data-widget_type=\"text-editor.default\">\n\t\t\t\t\t\t\t\t\tF\u00fcr unsere Waadtl\u00e4nder Rotweine bauen wir Pinot Noir, Gamaret Garanoir, Gamay, Galotta, Cabernet Franc, Cabernet Sauvignon und Merlot an. Wir assemblieren unsere Cuv\u00e9es Rustica (Gamaret Garanoir, Gamay, Pinot) und L\u2019Amphore (Merlot, Cabernet Sauvignon, Cabernet Franc und Gamaret Garanoir), rund 11 Monate im Barrique ausgebaut und anschliessend 8 Monate in der Amphore weiter gereift. Diese Rebsorten kommen auf unserem Terroir von Perroy perfekt zum Ausdruck.  \t\t\t\t\t\t\t\t<\/div>\n\t\t\t\t<\/div>\n\t\t\t\t\t<\/details>\n\t\t\t\t\t\t<details id=\"e-n-accordion-item-1915\" class=\"e-n-accordion-item\" >\n\t\t\t\t<summary class=\"e-n-accordion-item-title\" data-accordion-index=\"6\" tabindex=\"-1\" aria-expanded=\"false\" aria-controls=\"e-n-accordion-item-1915\" >\n\t\t\t\t\t<span class='e-n-accordion-item-title-header'><h3 class=\"e-n-accordion-item-title-text\"> Wenden Sie nachhaltige Praktiken f\u00fcr Ihre Waadtl\u00e4nder Weine an? <\/h3><\/span>\n\t\t\t\t\t\t\t<span class='e-n-accordion-item-title-icon'>\n\t\t\t<span class='e-opened' ><svg xmlns=\"http:\/\/www.w3.org\/2000\/svg\" width=\"24\" height=\"24\" viewBox=\"0 0 24 24\" fill=\"none\" stroke=\"currentColor\" stroke-width=\"2\" stroke-linecap=\"round\" stroke-linejoin=\"round\" class=\"lucide lucide-chevron-up\"><path d=\"m18 15-6-6-6 6\"><\/path><\/svg><\/span>\n\t\t\t<span class='e-closed'><svg xmlns=\"http:\/\/www.w3.org\/2000\/svg\" width=\"24\" height=\"24\" viewBox=\"0 0 24 24\" fill=\"none\" stroke=\"currentColor\" stroke-width=\"2\" stroke-linecap=\"round\" stroke-linejoin=\"round\"><path d=\"m6 9 6 6 6-6\"><\/path><\/svg><\/span>\n\t\t<\/span>\n\n\t\t\t\t\t\t<\/summary>\n\t\t\t\t<div role=\"region\" aria-labelledby=\"e-n-accordion-item-1915\" class=\"elementor-element elementor-element-0b5c66c e-con-full e-flex e-con e-child\" data-id=\"0b5c66c\" data-element_type=\"container\" data-e-type=\"container\">\n\t\t\t\t<div class=\"elementor-element elementor-element-caaa523 elementor-widget elementor-widget-text-editor\" data-id=\"caaa523\" data-element_type=\"widget\" data-e-type=\"widget\" data-widget_type=\"text-editor.default\">\n\t\t\t\t\t\t\t\t\tJa, wir bewirtschaften unsere Reben im Respekt vor der Natur. Unsere nachhaltigen Praktiken bewahren das einzigartige Terroir von La C\u00f4te. \t\t\t\t\t\t\t\t<\/div>\n\t\t\t\t<\/div>\n\t\t\t\t\t<\/details>\n\t\t\t\t\t<\/div>\n\t\t\t\t\t<script type=\"application\/ld+json\">{\"@context\":\"https:\\\/\\\/schema.org\",\"@type\":\"FAQPage\",\"mainEntity\":[{\"@type\":\"Question\",\"name\":\"Warum heissen Sie Le Consul?\",\"acceptedAnswer\":{\"@type\":\"Answer\",\"text\":\"Unser Urgrossvater entdeckte eine r\\u00f6mische M\\u00fcnze in einer unserer Parzellen, die entlang der alten R\\u00f6merstrasse zwischen Nyon und Avenches liegt. Inspiriert von dieser Entdeckung nannte unser Grossvater seinen ersten Wein \\u201eB\\u00e9rollon, le Relais du Consul\\u201c und gab damit dem Weingut seinen Namen: Le Consul.\"}},{\"@type\":\"Question\",\"name\":\"Seit wann produziert das Weingut Waadtl\\u00e4nder Weine in Perroy?\",\"acceptedAnswer\":{\"@type\":\"Answer\",\"text\":\"Das Familienweingut besteht seit fast 120 Jahren. Im Jahr 1910 pflanzte unser Urgrossvater seine ersten Chasselas-Reben in Perroy. Heute sind wir die 4. Generation, die pr\\u00e4mierte Waadtl\\u00e4nder Weine produziert.\"}},{\"@type\":\"Question\",\"name\":\"Wie gross ist das Weingut und wie viele Rebsorten bauen Sie an?\",\"acceptedAnswer\":{\"@type\":\"Answer\",\"text\":\"Unser Weingut umfasst 14 Hektar Reben in Perroy. Wir bauen 13 Rebsorten an, darunter Chasselas, Chasselas, Sauvignon Blanc, Pinot Gris, Viognier, Chardonnay, Pinot Noir, Gamaret Garanoir, Gamay, Galotta, Cabernet Franc, Cabernet Sauvignon und Merlot, um 21 Waadtl\\u00e4nder Weine zu produzieren.\"}},{\"@type\":\"Question\",\"name\":\"Welches sind Ihre wichtigsten Rebsorten f\\u00fcr Waadtl\\u00e4nder Weissweine?\",\"acceptedAnswer\":{\"@type\":\"Answer\",\"text\":\"Unsere emblematische Rebsorte ist Chasselas, typisch f\\u00fcr die Waadtl\\u00e4nder La C\\u00f4te. Wir bauen auch Chasselas, Chasselas, Sauvignon Blanc, Pinot Gris, Viognier und Chardonnay an. Diese Rebsorten ergeben frische und mineralische Waadtl\\u00e4nder Weissweine, die regelm\\u00e4ssig mit Medaillen ausgezeichnet werden.\"}},{\"@type\":\"Question\",\"name\":\"Welche Rebsorten verwenden Sie f\\u00fcr Ihre Waadtl\\u00e4nder Rotweine?\",\"acceptedAnswer\":{\"@type\":\"Answer\",\"text\":\"F\\u00fcr unsere Waadtl\\u00e4nder Rotweine bauen wir Pinot Noir, Gamaret Garanoir, Gamay, Galotta, Cabernet Franc, Cabernet Sauvignon und Merlot an. Wir assemblieren unsere Cuv\\u00e9es Rustica (Gamaret Garanoir, Gamay, Pinot) und L\\u2019Amphore (Merlot, Cabernet Sauvignon, Cabernet Franc und Gamaret Garanoir), rund 11 Monate im Barrique ausgebaut und anschliessend 8 Monate in der Amphore weiter gereift. Diese Rebsorten kommen auf unserem Terroir von Perroy perfekt zum Ausdruck.\"}},{\"@type\":\"Question\",\"name\":\"Wenden Sie nachhaltige Praktiken f\\u00fcr Ihre Waadtl\\u00e4nder Weine an?\",\"acceptedAnswer\":{\"@type\":\"Answer\",\"text\":\"Ja, wir bewirtschaften unsere Reben im Respekt vor der Natur. Unsere nachhaltigen Praktiken bewahren das einzigartige Terroir von La C\\u00f4te.\"}}]}<\/script>\n\t\t\t\t\t\t\t<\/div>\n\t\t\t\t<\/div>\n\t\t\t\t<\/div>\n\t\t\t\t\t<\/div>\n\t\t\t\t<\/section>\n\t\t\t\t<\/div>\n\t\t","protected":false},"excerpt":{"rendered":"<p>Unsere Geschichte \u00dcber uns Vier Generationen leidenschaftlicher Winzer in Perroy, in der Waadtl\u00e4nder C\u00f4te Seit mehr als einem Jahrhundert kultiviert [&hellip;]<\/p>\n","protected":false},"author":1,"featured_media":0,"parent":0,"menu_order":0,"comment_status":"closed","ping_status":"closed","template":"","meta":{"_acf_changed":false,"site-sidebar-layout":"no-sidebar","site-content-layout":"","ast-site-content-layout":"full-width-container","site-content-style":"default","site-sidebar-style":"default","ast-global-header-display":"","ast-banner-title-visibility":"","ast-main-header-display":"","ast-hfb-above-header-display":"","ast-hfb-below-header-display":"","ast-hfb-mobile-header-display":"","site-post-title":"disabled","ast-breadcrumbs-content":"","ast-featured-img":"disabled","footer-sml-layout":"","ast-disable-related-posts":"","theme-transparent-header-meta":"","adv-header-id-meta":"","stick-header-meta":"","header-above-stick-meta":"","header-main-stick-meta":"","header-below-stick-meta":"","astra-migrate-meta-layouts":"default","ast-page-background-enabled":"default","ast-page-background-meta":{"desktop":{"background-color":"var(--ast-global-color-5)","background-image":"","background-repeat":"repeat","background-position":"center center","background-size":"auto","background-attachment":"scroll","background-type":"","background-media":"","overlay-type":"","overlay-color":"","overlay-opacity":"","overlay-gradient":""},"tablet":{"background-color":"","background-image":"","background-repeat":"repeat","background-position":"center center","background-size":"auto","background-attachment":"scroll","background-type":"","background-media":"","overlay-type":"","overlay-color":"","overlay-opacity":"","overlay-gradient":""},"mobile":{"background-color":"","background-image":"","background-repeat":"repeat","background-position":"center center","background-size":"auto","background-attachment":"scroll","background-type":"","background-media":"","overlay-type":"","overlay-color":"","overlay-opacity":"","overlay-gradient":""}},"ast-content-background-meta":{"desktop":{"background-color":"var(--ast-global-color-4)","background-image":"","background-repeat":"repeat","background-position":"center center","background-size":"auto","background-attachment":"scroll","background-type":"","background-media":"","overlay-type":"","overlay-color":"","overlay-opacity":"","overlay-gradient":""},"tablet":{"background-color":"var(--ast-global-color-4)","background-image":"","background-repeat":"repeat","background-position":"center center","background-size":"auto","background-attachment":"scroll","background-type":"","background-media":"","overlay-type":"","overlay-color":"","overlay-opacity":"","overlay-gradient":""},"mobile":{"background-color":"var(--ast-global-color-4)","background-image":"","background-repeat":"repeat","background-position":"center center","background-size":"auto","background-attachment":"scroll","background-type":"","background-media":"","overlay-type":"","overlay-color":"","overlay-opacity":"","overlay-gradient":""}},"footnotes":""},"class_list":["post-2326","page","type-page","status-publish","hentry"],"acf":[],"yoast_head":"<!-- This site is optimized with the Yoast SEO plugin v28.3 - https:\/\/yoast.com\/product\/yoast-seo-wordpress\/ -->\n<title>Unser Weingut in der Waadtl\u00e4nder C\u00f4te \u2013 Vier Generationen Winzer in Perroy<\/title>\n<meta name=\"description\" content=\"Vier Generationen Winzer in Perroy seit 1910. Entdecken Sie die Geschichte der Familie Martin, unser aussergew\u00f6hnliches Terroir und unsere Weine der Waadtl\u00e4nder C\u00f4te.\" \/>\n<meta name=\"robots\" content=\"index, follow, max-snippet:-1, max-image-preview:large, max-video-preview:-1\" \/>\n<link rel=\"canonical\" href=\"https:\/\/consul.ch\/de\/unser-weingut\/\" \/>\n<meta property=\"og:locale\" content=\"de_DE\" \/>\n<meta property=\"og:type\" content=\"article\" \/>\n<meta property=\"og:title\" content=\"Unser Weingut in der Waadtl\u00e4nder C\u00f4te \u2013 Vier Generationen Winzer in Perroy\" \/>\n<meta property=\"og:description\" content=\"Vier Generationen Winzer in Perroy seit 1910. Entdecken Sie die Geschichte der Familie Martin, unser aussergew\u00f6hnliches Terroir und unsere Weine der Waadtl\u00e4nder C\u00f4te.\" \/>\n<meta property=\"og:url\" content=\"https:\/\/consul.ch\/de\/unser-weingut\/\" \/>\n<meta property=\"og:site_name\" content=\"Le Consul\" \/>\n<meta property=\"article:modified_time\" content=\"2026-06-18T21:56:34+00:00\" \/>\n<meta property=\"og:image\" content=\"https:\/\/consul.ch\/wp-content\/uploads\/2026\/03\/meilleur-vin-medailles-vaud-1024x683.jpg\" \/>\n<meta name=\"twitter:card\" content=\"summary_large_image\" \/>\n<meta name=\"twitter:label1\" content=\"Gesch\u00e4tzte Lesezeit\" \/>\n\t<meta name=\"twitter:data1\" content=\"6\u00a0Minuten\" \/>\n<script type=\"application\/ld+json\" class=\"yoast-schema-graph\">{\"@context\":\"https:\\\/\\\/schema.org\",\"@graph\":[{\"@type\":\"WebPage\",\"@id\":\"https:\\\/\\\/consul.ch\\\/de\\\/unser-weingut\\\/\",\"url\":\"https:\\\/\\\/consul.ch\\\/de\\\/unser-weingut\\\/\",\"name\":\"Unser Weingut in der Waadtl\u00e4nder C\u00f4te \u2013 Vier Generationen Winzer in Perroy\",\"isPartOf\":{\"@id\":\"https:\\\/\\\/consul.ch\\\/de\\\/#website\"},\"primaryImageOfPage\":{\"@id\":\"https:\\\/\\\/consul.ch\\\/de\\\/unser-weingut\\\/#primaryimage\"},\"image\":{\"@id\":\"https:\\\/\\\/consul.ch\\\/de\\\/unser-weingut\\\/#primaryimage\"},\"thumbnailUrl\":\"https:\\\/\\\/consul.ch\\\/wp-content\\\/uploads\\\/2026\\\/03\\\/meilleur-vin-medailles-vaud-1024x683.jpg\",\"datePublished\":\"2026-03-05T15:00:01+00:00\",\"dateModified\":\"2026-06-18T21:56:34+00:00\",\"description\":\"Vier Generationen Winzer in Perroy seit 1910. Entdecken Sie die Geschichte der Familie Martin, unser aussergew\u00f6hnliches Terroir und unsere Weine der Waadtl\u00e4nder C\u00f4te.\",\"breadcrumb\":{\"@id\":\"https:\\\/\\\/consul.ch\\\/de\\\/unser-weingut\\\/#breadcrumb\"},\"inLanguage\":\"de\",\"potentialAction\":[{\"@type\":\"ReadAction\",\"target\":[\"https:\\\/\\\/consul.ch\\\/de\\\/unser-weingut\\\/\"]}]},{\"@type\":\"ImageObject\",\"inLanguage\":\"de\",\"@id\":\"https:\\\/\\\/consul.ch\\\/de\\\/unser-weingut\\\/#primaryimage\",\"url\":\"https:\\\/\\\/consul.ch\\\/wp-content\\\/uploads\\\/2026\\\/03\\\/meilleur-vin-medailles-vaud-1024x683.jpg\",\"contentUrl\":\"https:\\\/\\\/consul.ch\\\/wp-content\\\/uploads\\\/2026\\\/03\\\/meilleur-vin-medailles-vaud-1024x683.jpg\"},{\"@type\":\"BreadcrumbList\",\"@id\":\"https:\\\/\\\/consul.ch\\\/de\\\/unser-weingut\\\/#breadcrumb\",\"itemListElement\":[{\"@type\":\"ListItem\",\"position\":1,\"name\":\"Accueil\",\"item\":\"https:\\\/\\\/consul.ch\\\/de\\\/\"},{\"@type\":\"ListItem\",\"position\":2,\"name\":\"\u00dcber uns\"}]},{\"@type\":\"WebSite\",\"@id\":\"https:\\\/\\\/consul.ch\\\/de\\\/#website\",\"url\":\"https:\\\/\\\/consul.ch\\\/de\\\/\",\"name\":\"Le Consul\",\"description\":\"\",\"publisher\":{\"@id\":\"https:\\\/\\\/consul.ch\\\/de\\\/#organization\"},\"potentialAction\":[{\"@type\":\"SearchAction\",\"target\":{\"@type\":\"EntryPoint\",\"urlTemplate\":\"https:\\\/\\\/consul.ch\\\/de\\\/?s={search_term_string}\"},\"query-input\":{\"@type\":\"PropertyValueSpecification\",\"valueRequired\":true,\"valueName\":\"search_term_string\"}}],\"inLanguage\":\"de\"},{\"@type\":\"Organization\",\"@id\":\"https:\\\/\\\/consul.ch\\\/de\\\/#organization\",\"name\":\"Le Consul\",\"url\":\"https:\\\/\\\/consul.ch\\\/de\\\/\",\"logo\":{\"@type\":\"ImageObject\",\"inLanguage\":\"de\",\"@id\":\"https:\\\/\\\/consul.ch\\\/de\\\/#\\\/schema\\\/logo\\\/image\\\/\",\"url\":\"https:\\\/\\\/consul.ch\\\/wp-content\\\/uploads\\\/2026\\\/03\\\/logo-consul.png\",\"contentUrl\":\"https:\\\/\\\/consul.ch\\\/wp-content\\\/uploads\\\/2026\\\/03\\\/logo-consul.png\",\"width\":100,\"height\":119,\"caption\":\"Le Consul\"},\"image\":{\"@id\":\"https:\\\/\\\/consul.ch\\\/de\\\/#\\\/schema\\\/logo\\\/image\\\/\"}}]}<\/script>\n<!-- \/ Yoast SEO plugin. -->","yoast_head_json":{"title":"Unser Weingut in der Waadtl\u00e4nder C\u00f4te \u2013 Vier Generationen Winzer in Perroy","description":"Vier Generationen Winzer in Perroy seit 1910. Entdecken Sie die Geschichte der Familie Martin, unser aussergew\u00f6hnliches Terroir und unsere Weine der Waadtl\u00e4nder C\u00f4te.","robots":{"index":"index","follow":"follow","max-snippet":"max-snippet:-1","max-image-preview":"max-image-preview:large","max-video-preview":"max-video-preview:-1"},"canonical":"https:\/\/consul.ch\/de\/unser-weingut\/","og_locale":"de_DE","og_type":"article","og_title":"Unser Weingut in der Waadtl\u00e4nder C\u00f4te \u2013 Vier Generationen Winzer in Perroy","og_description":"Vier Generationen Winzer in Perroy seit 1910. Entdecken Sie die Geschichte der Familie Martin, unser aussergew\u00f6hnliches Terroir und unsere Weine der Waadtl\u00e4nder C\u00f4te.","og_url":"https:\/\/consul.ch\/de\/unser-weingut\/","og_site_name":"Le Consul","article_modified_time":"2026-06-18T21:56:34+00:00","og_image":[{"url":"https:\/\/consul.ch\/wp-content\/uploads\/2026\/03\/meilleur-vin-medailles-vaud-1024x683.jpg","type":"","width":"","height":""}],"twitter_card":"summary_large_image","twitter_misc":{"Gesch\u00e4tzte Lesezeit":"6\u00a0Minuten"},"schema":{"@context":"https:\/\/schema.org","@graph":[{"@type":"WebPage","@id":"https:\/\/consul.ch\/de\/unser-weingut\/","url":"https:\/\/consul.ch\/de\/unser-weingut\/","name":"Unser Weingut in der Waadtl\u00e4nder C\u00f4te \u2013 Vier Generationen Winzer in Perroy","isPartOf":{"@id":"https:\/\/consul.ch\/de\/#website"},"primaryImageOfPage":{"@id":"https:\/\/consul.ch\/de\/unser-weingut\/#primaryimage"},"image":{"@id":"https:\/\/consul.ch\/de\/unser-weingut\/#primaryimage"},"thumbnailUrl":"https:\/\/consul.ch\/wp-content\/uploads\/2026\/03\/meilleur-vin-medailles-vaud-1024x683.jpg","datePublished":"2026-03-05T15:00:01+00:00","dateModified":"2026-06-18T21:56:34+00:00","description":"Vier Generationen Winzer in Perroy seit 1910. Entdecken Sie die Geschichte der Familie Martin, unser aussergew\u00f6hnliches Terroir und unsere Weine der Waadtl\u00e4nder C\u00f4te.","breadcrumb":{"@id":"https:\/\/consul.ch\/de\/unser-weingut\/#breadcrumb"},"inLanguage":"de","potentialAction":[{"@type":"ReadAction","target":["https:\/\/consul.ch\/de\/unser-weingut\/"]}]},{"@type":"ImageObject","inLanguage":"de","@id":"https:\/\/consul.ch\/de\/unser-weingut\/#primaryimage","url":"https:\/\/consul.ch\/wp-content\/uploads\/2026\/03\/meilleur-vin-medailles-vaud-1024x683.jpg","contentUrl":"https:\/\/consul.ch\/wp-content\/uploads\/2026\/03\/meilleur-vin-medailles-vaud-1024x683.jpg"},{"@type":"BreadcrumbList","@id":"https:\/\/consul.ch\/de\/unser-weingut\/#breadcrumb","itemListElement":[{"@type":"ListItem","position":1,"name":"Accueil","item":"https:\/\/consul.ch\/de\/"},{"@type":"ListItem","position":2,"name":"\u00dcber uns"}]},{"@type":"WebSite","@id":"https:\/\/consul.ch\/de\/#website","url":"https:\/\/consul.ch\/de\/","name":"Le Consul","description":"","publisher":{"@id":"https:\/\/consul.ch\/de\/#organization"},"potentialAction":[{"@type":"SearchAction","target":{"@type":"EntryPoint","urlTemplate":"https:\/\/consul.ch\/de\/?s={search_term_string}"},"query-input":{"@type":"PropertyValueSpecification","valueRequired":true,"valueName":"search_term_string"}}],"inLanguage":"de"},{"@type":"Organization","@id":"https:\/\/consul.ch\/de\/#organization","name":"Le Consul","url":"https:\/\/consul.ch\/de\/","logo":{"@type":"ImageObject","inLanguage":"de","@id":"https:\/\/consul.ch\/de\/#\/schema\/logo\/image\/","url":"https:\/\/consul.ch\/wp-content\/uploads\/2026\/03\/logo-consul.png","contentUrl":"https:\/\/consul.ch\/wp-content\/uploads\/2026\/03\/logo-consul.png","width":100,"height":119,"caption":"Le Consul"},"image":{"@id":"https:\/\/consul.ch\/de\/#\/schema\/logo\/image\/"}}]}},"_links":{"self":[{"href":"https:\/\/consul.ch\/de\/wp-json\/wp\/v2\/pages\/2326","targetHints":{"allow":["GET"]}}],"collection":[{"href":"https:\/\/consul.ch\/de\/wp-json\/wp\/v2\/pages"}],"about":[{"href":"https:\/\/consul.ch\/de\/wp-json\/wp\/v2\/types\/page"}],"author":[{"embeddable":true,"href":"https:\/\/consul.ch\/de\/wp-json\/wp\/v2\/users\/1"}],"replies":[{"embeddable":true,"href":"https:\/\/consul.ch\/de\/wp-json\/wp\/v2\/comments?post=2326"}],"version-history":[{"count":1,"href":"https:\/\/consul.ch\/de\/wp-json\/wp\/v2\/pages\/2326\/revisions"}],"predecessor-version":[{"id":2327,"href":"https:\/\/consul.ch\/de\/wp-json\/wp\/v2\/pages\/2326\/revisions\/2327"}],"wp:attachment":[{"href":"https:\/\/consul.ch\/de\/wp-json\/wp\/v2\/media?parent=2326"}],"curies":[{"name":"wp","href":"https:\/\/api.w.org\/{rel}","templated":true}]}}